{"id":22,"date":"2019-04-18T19:04:24","date_gmt":"2019-04-18T19:04:24","guid":{"rendered":"http:\/\/aperez.mx\/?page_id=22"},"modified":"2022-05-13T19:47:24","modified_gmt":"2022-05-14T02:47:24","slug":"conferencias","status":"publish","type":"page","link":"https:\/\/aperez.mx\/en\/conferencias\/","title":{"rendered":"Conferences"},"content":{"rendered":"\n<p class=\"wp-block-paragraph\">&#8220;Discurso del D\u00eda del Maestro&#8221;, Ceremonia de Reconocimiento del Personal Acad\u00e9mico que cumple a\u00f1os de servicio en la Universidad de Sonora, 13 de mayo de 2022, Hermosillo, Sonora, M\u00e9xico. [<a href=\"http:\/\/www.aperez.mx\/Discurso_dia_del_maestro.pdf\" target=\"_blank\" rel=\"noreferrer noopener\">pdf<\/a>][<a href=\"https:\/\/youtu.be\/hpeTE25km4k?t=4285\" target=\"_blank\" rel=\"noreferrer noopener\">video<\/a>][<a href=\"https:\/\/www.unison.mx\/nota\/?idnoti=32518\" target=\"_blank\" rel=\"noreferrer noopener\">noticia<\/a>]<\/p>\n\n\n\n<p class=\"wp-block-paragraph\">&#8220;Oportunidades de crecimiento a trav\u00e9s de especializaciones&#8221;, Universidad Estatal de Sonora, 28 de abril de 2022, Hermosillo, Sonora, M\u00e9xico.<\/p>\n\n\n\n<p class=\"wp-block-paragraph\">&#8220;Waze: The mobil app for moving&#8221;, Universidad de Sonora, 9 de octubre de 2019, Hermosillo, Sonora, M\u00e9xico.<\/p>\n\n\n\n<p class=\"wp-block-paragraph\">&#8220;Gesti\u00f3n del conocimiento: aproximaciones te\u00f3ricas, herramientas y experiencias en organizaciones&#8221;, 5 de julio de 2018, Villahermosa Tabasco, M\u00e9xico.<\/p>\n\n\n\n<p class=\"wp-block-paragraph\">&#8220;La gesti\u00f3n y auditor\u00eda del conocimiento como apoyo a los procesos de innovaci\u00f3n en entornos educativos&#8221;, Universidad de Manizales, 30 de agosto de 2017, Manizales, Colombia.<\/p>\n\n\n\n<p class=\"wp-block-paragraph\">&#8220;Tecnolog\u00edas de la informaci\u00f3n para la Gesti\u00f3n del Conocimiento Organizacional&#8221;, Universidad de Carabobo, 19 de julio de 2012, Valencia, Venezuela. [<a href=\"http:\/\/www.sivuc.uc.edu.ve\/node\/103\" target=\"_blank\" rel=\"noreferrer noopener\">link<\/a>]<\/p>\n\n\n\n<p class=\"wp-block-paragraph\">&#8220;El Reconocimiento a la Producci\u00f3n del Conocimiento Cient\u00edfico y Tecnol\u00f3gico&#8221;, Universidad de Montemorelos, 8 de febrero de 2012, Montemorelos N.L., M\u00e9xico.<\/p>\n\n\n\n<p class=\"wp-block-paragraph\">&#8220;Las redes sociales y su contribuci\u00f3n a mejorar el tr\u00e1fico vehicular&#8221;, Universidad de Occidente, 19 de noviembre de 2010, Guasave Sinaloa, M\u00e9xico.<\/p>\n\n\n\n<p class=\"wp-block-paragraph\">&#8220;Sistemas de Soporte a la Toma de Decisiones en Grupo (GDSS)&#8221;, UNILIDER, 6 de octubre de 2010, Hermosillo Sonora, M\u00e9xico.<\/p>\n\n\n\n<p class=\"wp-block-paragraph\">&#8220;La Auditor\u00eda del Conocimiento en las Organizaciones&#8221;, Universidad de Sonora, Campus Nogales, 13 de noviembre del 2009, Nogales Sonora, M\u00e9xico.<\/p>\n\n\n\n<p class=\"wp-block-paragraph\">&#8220;La auditor\u00eda del conocimiento y la memoria organizacional como apoyo a la gesti\u00f3n del conocimiento&#8221;, Instituto Sonorense de Administraci\u00f3n P\u00fablica (ISAP), 29 de noviembre del 2008, Hermosillo Sonora, M\u00e9xico.<\/p>\n\n\n\n<p class=\"wp-block-paragraph\">&#8220;La importancia de las Tecnolog\u00edas basadas en el Conocimiento&#8221;, Universidad de Sonora, Campus Nogales, 26 de septiembre del 2008, Nogales Sonora, M\u00e9xico.<\/p>\n\n\n\n<p class=\"wp-block-paragraph\">&#8220;Tecnolog\u00edas que apoyan la Auditor\u00eda del Conocimiento&#8221;, Universidad Kino, 13 de noviembre del 2007, Hermosillo Sonora, M\u00e9xico.<\/p>\n\n\n\n<p class=\"wp-block-paragraph\">&#8220;La Gesti\u00f3n del Conocimiento en la Peque\u00f1a y Mediana Empresa&#8221;, IntEmpres&#8217;2003 del 16 al 18 de octubre del 2003, La Habana, Cuba.<\/p>\n\n\n\n<p class=\"wp-block-paragraph\">&#8220;Memoria Organizacional Basada en Casos&#8221;, Instituto de Informaci\u00f3n Cient\u00edfica y Tecnol\u00f3gica. Consultor\u00eda Biomundi. 22 de abril del 2003, La Habana, Cuba.<\/p>\n\n\n\n<p class=\"wp-block-paragraph\">&#8220;El uso de la Tecnolog\u00eda para la Gesti\u00f3n del Conocimiento en las Organizaciones&#8221;, Universidad Ju\u00e1rez Aut\u00f3noma de Tabasco, 9 de septiembre del 2002, Villahermosa Tabasco, M\u00e9xico.<\/p>\n","protected":false},"excerpt":{"rendered":"<p>&#8220;Discurso del D\u00eda del Maestro&#8221;, Ceremonia de Reconocimiento del Personal Acad\u00e9mico que cumple a\u00f1os de servicio en la Universidad de [&hellip;]<\/p>\n","protected":false},"author":1,"featured_media":0,"parent":0,"menu_order":0,"comment_status":"closed","ping_status":"closed","template":"","meta":{"site-sidebar-layout":"default","site-content-layout":"","ast-site-content-layout":"default","site-content-style":"default","site-sidebar-style":"default","ast-global-header-display":"","ast-banner-title-visibility":"","ast-main-header-display":"","ast-hfb-above-header-display":"","ast-hfb-below-header-display":"","ast-hfb-mobile-header-display":"","site-post-title":"","ast-breadcrumbs-content":"","ast-featured-img":"","footer-sml-layout":"","ast-disable-related-posts":"","theme-transparent-header-meta":"","adv-header-id-meta":"","stick-header-meta":"","header-above-stick-meta":"","header-main-stick-meta":"","header-below-stick-meta":"","astra-migrate-meta-layouts":"default","ast-page-background-enabled":"default","ast-page-background-meta":{"desktop":{"background-color":"var(--ast-global-color-5)","background-image":"","background-repeat":"repeat","background-position":"center center","background-size":"auto","background-attachment":"scroll","background-type":"","background-media":"","overlay-type":"","overlay-color":"","overlay-opacity":"","overlay-gradient":""},"tablet":{"background-color":"","background-image":"","background-repeat":"repeat","background-position":"center center","background-size":"auto","background-attachment":"scroll","background-type":"","background-media":"","overlay-type":"","overlay-color":"","overlay-opacity":"","overlay-gradient":""},"mobile":{"background-color":"","background-image":"","background-repeat":"repeat","background-position":"center center","background-size":"auto","background-attachment":"scroll","background-type":"","background-media":"","overlay-type":"","overlay-color":"","overlay-opacity":"","overlay-gradient":""}},"ast-content-background-meta":{"desktop":{"background-color":"var(--ast-global-color-4)","background-image":"","background-repeat":"repeat","background-position":"center center","background-size":"auto","background-attachment":"scroll","background-type":"","background-media":"","overlay-type":"","overlay-color":"","overlay-opacity":"","overlay-gradient":""},"tablet":{"background-color":"var(--ast-global-color-4)","background-image":"","background-repeat":"repeat","background-position":"center center","background-size":"auto","background-attachment":"scroll","background-type":"","background-media":"","overlay-type":"","overlay-color":"","overlay-opacity":"","overlay-gradient":""},"mobile":{"background-color":"var(--ast-global-color-4)","background-image":"","background-repeat":"repeat","background-position":"center center","background-size":"auto","background-attachment":"scroll","background-type":"","background-media":"","overlay-type":"","overlay-color":"","overlay-opacity":"","overlay-gradient":""}},"footnotes":""},"class_list":["post-22","page","type-page","status-publish","hentry"],"yoast_head":"<!-- This site is optimized with the Yoast SEO plugin v28.3 - https:\/\/yoast.com\/product\/yoast-seo-wordpress\/ -->\n<title>Conferencias - Sitio Web de Alonso Perez-Soltero<\/title>\n<meta name=\"description\" content=\"Conferencias impartidas por Alonso Perez-Soltero en diversos eventos acad\u00e9micos e instituciones educativas a nivel nacional e internacional.\" \/>\n<meta name=\"robots\" content=\"index, follow, max-snippet:-1, max-image-preview:large, max-video-preview:-1\" \/>\n<link rel=\"canonical\" href=\"http:\/\/aperez.mx\/en\/conferencias\/\" \/>\n<meta property=\"og:locale\" content=\"en_US\" \/>\n<meta property=\"og:type\" content=\"article\" \/>\n<meta property=\"og:title\" content=\"Conferencias - Sitio Web de Alonso Perez-Soltero\" \/>\n<meta property=\"og:description\" content=\"Conferencias impartidas por Alonso Perez-Soltero en diversos eventos acad\u00e9micos e instituciones educativas a nivel nacional e internacional.\" \/>\n<meta property=\"og:url\" content=\"http:\/\/aperez.mx\/en\/conferencias\/\" \/>\n<meta property=\"og:site_name\" content=\"Sitio Web de Alonso Perez-Soltero\" \/>\n<meta property=\"article:modified_time\" content=\"2022-05-14T02:47:24+00:00\" \/>\n<meta name=\"twitter:card\" content=\"summary_large_image\" \/>\n<meta name=\"twitter:label1\" content=\"Est. reading time\" \/>\n\t<meta name=\"twitter:data1\" content=\"2 minutes\" \/>\n<script type=\"application\/ld+json\" class=\"yoast-schema-graph\">{\"@context\":\"https:\\\/\\\/schema.org\",\"@graph\":[{\"@type\":\"WebPage\",\"@id\":\"http:\\\/\\\/aperez.mx\\\/conferencias\\\/\",\"url\":\"http:\\\/\\\/aperez.mx\\\/conferencias\\\/\",\"name\":\"Conferencias - Sitio Web de Alonso Perez-Soltero\",\"isPartOf\":{\"@id\":\"https:\\\/\\\/aperez.mx\\\/#website\"},\"datePublished\":\"2019-04-18T19:04:24+00:00\",\"dateModified\":\"2022-05-14T02:47:24+00:00\",\"description\":\"Conferencias impartidas por Alonso Perez-Soltero en diversos eventos acad\u00e9micos e instituciones educativas a nivel nacional e internacional.\",\"breadcrumb\":{\"@id\":\"http:\\\/\\\/aperez.mx\\\/conferencias\\\/#breadcrumb\"},\"inLanguage\":\"en-US\",\"potentialAction\":[{\"@type\":\"ReadAction\",\"target\":[\"http:\\\/\\\/aperez.mx\\\/conferencias\\\/\"]}]},{\"@type\":\"BreadcrumbList\",\"@id\":\"http:\\\/\\\/aperez.mx\\\/conferencias\\\/#breadcrumb\",\"itemListElement\":[{\"@type\":\"ListItem\",\"position\":1,\"name\":\"Inicio\",\"item\":\"https:\\\/\\\/aperez.mx\\\/\"},{\"@type\":\"ListItem\",\"position\":2,\"name\":\"Conferencias\"}]},{\"@type\":\"WebSite\",\"@id\":\"https:\\\/\\\/aperez.mx\\\/#website\",\"url\":\"https:\\\/\\\/aperez.mx\\\/\",\"name\":\"Sitio Web de Alonso Perez-Soltero\",\"description\":\"Bienvenido a mi sitio personal\",\"publisher\":{\"@id\":\"https:\\\/\\\/aperez.mx\\\/#\\\/schema\\\/person\\\/0fc5a95e495da6092966bdc1ad5ed4b6\"},\"potentialAction\":[{\"@type\":\"SearchAction\",\"target\":{\"@type\":\"EntryPoint\",\"urlTemplate\":\"https:\\\/\\\/aperez.mx\\\/?s={search_term_string}\"},\"query-input\":{\"@type\":\"PropertyValueSpecification\",\"valueRequired\":true,\"valueName\":\"search_term_string\"}}],\"inLanguage\":\"en-US\"},{\"@type\":[\"Person\",\"Organization\"],\"@id\":\"https:\\\/\\\/aperez.mx\\\/#\\\/schema\\\/person\\\/0fc5a95e495da6092966bdc1ad5ed4b6\",\"name\":\"Alonso Perez-Soltero\",\"image\":{\"@type\":\"ImageObject\",\"inLanguage\":\"en-US\",\"@id\":\"https:\\\/\\\/secure.gravatar.com\\\/avatar\\\/ba92429f397feb30ded9f20aeb7d54016bbc1e33295707551c340f9681137f85?s=96&d=mm&r=g\",\"url\":\"https:\\\/\\\/secure.gravatar.com\\\/avatar\\\/ba92429f397feb30ded9f20aeb7d54016bbc1e33295707551c340f9681137f85?s=96&d=mm&r=g\",\"contentUrl\":\"https:\\\/\\\/secure.gravatar.com\\\/avatar\\\/ba92429f397feb30ded9f20aeb7d54016bbc1e33295707551c340f9681137f85?s=96&d=mm&r=g\",\"caption\":\"Alonso Perez-Soltero\"},\"logo\":{\"@id\":\"https:\\\/\\\/secure.gravatar.com\\\/avatar\\\/ba92429f397feb30ded9f20aeb7d54016bbc1e33295707551c340f9681137f85?s=96&d=mm&r=g\"}}]}<\/script>\n<!-- \/ Yoast SEO plugin. -->","yoast_head_json":{"title":"Conferencias - Sitio Web de Alonso Perez-Soltero","description":"Conferencias impartidas por Alonso Perez-Soltero en diversos eventos acad\u00e9micos e instituciones educativas a nivel nacional e internacional.","robots":{"index":"index","follow":"follow","max-snippet":"max-snippet:-1","max-image-preview":"max-image-preview:large","max-video-preview":"max-video-preview:-1"},"canonical":"http:\/\/aperez.mx\/en\/conferencias\/","og_locale":"en_US","og_type":"article","og_title":"Conferencias - Sitio Web de Alonso Perez-Soltero","og_description":"Conferencias impartidas por Alonso Perez-Soltero en diversos eventos acad\u00e9micos e instituciones educativas a nivel nacional e internacional.","og_url":"http:\/\/aperez.mx\/en\/conferencias\/","og_site_name":"Sitio Web de Alonso Perez-Soltero","article_modified_time":"2022-05-14T02:47:24+00:00","twitter_card":"summary_large_image","twitter_misc":{"Est. reading time":"2 minutes"},"schema":{"@context":"https:\/\/schema.org","@graph":[{"@type":"WebPage","@id":"http:\/\/aperez.mx\/conferencias\/","url":"http:\/\/aperez.mx\/conferencias\/","name":"Conferencias - Sitio Web de Alonso Perez-Soltero","isPartOf":{"@id":"https:\/\/aperez.mx\/#website"},"datePublished":"2019-04-18T19:04:24+00:00","dateModified":"2022-05-14T02:47:24+00:00","description":"Conferencias impartidas por Alonso Perez-Soltero en diversos eventos acad\u00e9micos e instituciones educativas a nivel nacional e internacional.","breadcrumb":{"@id":"http:\/\/aperez.mx\/conferencias\/#breadcrumb"},"inLanguage":"en-US","potentialAction":[{"@type":"ReadAction","target":["http:\/\/aperez.mx\/conferencias\/"]}]},{"@type":"BreadcrumbList","@id":"http:\/\/aperez.mx\/conferencias\/#breadcrumb","itemListElement":[{"@type":"ListItem","position":1,"name":"Inicio","item":"https:\/\/aperez.mx\/"},{"@type":"ListItem","position":2,"name":"Conferencias"}]},{"@type":"WebSite","@id":"https:\/\/aperez.mx\/#website","url":"https:\/\/aperez.mx\/","name":"Alonso Perez-Soltero's Website","description":"Bienvenido a mi sitio personal","publisher":{"@id":"https:\/\/aperez.mx\/#\/schema\/person\/0fc5a95e495da6092966bdc1ad5ed4b6"},"potentialAction":[{"@type":"SearchAction","target":{"@type":"EntryPoint","urlTemplate":"https:\/\/aperez.mx\/?s={search_term_string}"},"query-input":{"@type":"PropertyValueSpecification","valueRequired":true,"valueName":"search_term_string"}}],"inLanguage":"en-US"},{"@type":["Person","Organization"],"@id":"https:\/\/aperez.mx\/#\/schema\/person\/0fc5a95e495da6092966bdc1ad5ed4b6","name":"Alonso Perez-Soltero","image":{"@type":"ImageObject","inLanguage":"en-US","@id":"https:\/\/secure.gravatar.com\/avatar\/ba92429f397feb30ded9f20aeb7d54016bbc1e33295707551c340f9681137f85?s=96&d=mm&r=g","url":"https:\/\/secure.gravatar.com\/avatar\/ba92429f397feb30ded9f20aeb7d54016bbc1e33295707551c340f9681137f85?s=96&d=mm&r=g","contentUrl":"https:\/\/secure.gravatar.com\/avatar\/ba92429f397feb30ded9f20aeb7d54016bbc1e33295707551c340f9681137f85?s=96&d=mm&r=g","caption":"Alonso Perez-Soltero"},"logo":{"@id":"https:\/\/secure.gravatar.com\/avatar\/ba92429f397feb30ded9f20aeb7d54016bbc1e33295707551c340f9681137f85?s=96&d=mm&r=g"}}]}},"jetpack_sharing_enabled":true,"_links":{"self":[{"href":"https:\/\/aperez.mx\/en\/wp-json\/wp\/v2\/pages\/22","targetHints":{"allow":["GET"]}}],"collection":[{"href":"https:\/\/aperez.mx\/en\/wp-json\/wp\/v2\/pages"}],"about":[{"href":"https:\/\/aperez.mx\/en\/wp-json\/wp\/v2\/types\/page"}],"author":[{"embeddable":true,"href":"https:\/\/aperez.mx\/en\/wp-json\/wp\/v2\/users\/1"}],"replies":[{"embeddable":true,"href":"https:\/\/aperez.mx\/en\/wp-json\/wp\/v2\/comments?post=22"}],"version-history":[{"count":8,"href":"https:\/\/aperez.mx\/en\/wp-json\/wp\/v2\/pages\/22\/revisions"}],"predecessor-version":[{"id":286,"href":"https:\/\/aperez.mx\/en\/wp-json\/wp\/v2\/pages\/22\/revisions\/286"}],"wp:attachment":[{"href":"https:\/\/aperez.mx\/en\/wp-json\/wp\/v2\/media?parent=22"}],"curies":[{"name":"wp","href":"https:\/\/api.w.org\/{rel}","templated":true}]}}