{"id":20,"date":"2019-04-18T19:03:59","date_gmt":"2019-04-18T19:03:59","guid":{"rendered":"http:\/\/aperez.mx\/?page_id=20"},"modified":"2025-12-27T19:30:48","modified_gmt":"2025-12-28T02:30:48","slug":"curriculum-vitae","status":"publish","type":"page","link":"https:\/\/aperez.mx\/en\/curriculum-vitae\/","title":{"rendered":"Curriculum Vitae"},"content":{"rendered":"<h2 class=\"wp-block-heading\">Datos Personales<\/h2>\n\n\n\n<p class=\"wp-block-paragraph\">Nombre: Alonso P\u00e9rez Soltero<\/p>\n\n\n\n<hr class=\"wp-block-separator has-css-opacity\"\/>\n\n\n\n<h2 class=\"wp-block-heading\">Estudios<\/h2>\n\n\n\n<p class=\"wp-block-paragraph\">Doctorado en Tecnolog\u00edas de la Informaci\u00f3n y las Comunicaciones (2004 &#8211; 2007), Titulado con Evaluaci\u00f3n Sobresaliente Cum Laude por Unanimidad, Universidad de Murcia. Murcia, Espa\u00f1a.<\/p>\n\n\n\n<p class=\"wp-block-paragraph\">Maestr\u00eda en Ciencias en Tecnolog\u00eda Inform\u00e1tica (1995 &#8211; 1997), ITESM, Campus Monterrey. Monterrey N.L.<\/p>\n\n\n\n<p class=\"wp-block-paragraph\">Maestr\u00eda en Administraci\u00f3n (dos semestres, 1993 &#8211; 1995), Universidad de Sonora. Hermosillo, Son.<\/p>\n\n\n\n<p class=\"wp-block-paragraph\">Ingenier\u00eda Industrial y de Sistemas (1988 &#8211; 1992), Titulado con Menci\u00f3n Honor\u00edfica, Universidad de Sonora. Hermosillo, Son.<\/p>\n\n\n\n<p class=\"wp-block-paragraph\">Programador Analista de Sistemas (1988 &#8211; 1990), ICADES. Hermosillo, Son.<\/p>\n\n\n\n<p class=\"wp-block-paragraph\">Ingenier\u00eda en Sistemas Computacionales (dos semestres, 1987 &#8211; 1988), Centro de Estudios Universitarios. Cd. Acu\u00f1a, Coah.<\/p>\n\n\n\n<p class=\"wp-block-paragraph\">Licenciatura en Finanzas (2024 &#8211; a la fecha), Universidad de Sonora. Hermosillo, Son.<\/p>\n\n\n\n<p class=\"wp-block-paragraph\">T\u00e9cnico en Electr\u00f3nica (1985 &#8211; 1988), CBTIS # 54. Cd. Acu\u00f1a, Coah.<\/p>\n\n\n\n<p class=\"wp-block-paragraph\">Bachillerato con especialidad en Dibujo Arquitect\u00f3nico (1984 &#8211; 1987), Preparatoria Federal &#8220;Manuel Acu\u00f1a&#8221;. Cd. Acu\u00f1a, Coah.<\/p>\n\n\n\n<hr class=\"wp-block-separator has-css-opacity\"\/>\n\n\n\n<h2 class=\"wp-block-heading\">Experiencia Profesional<\/h2>\n\n\n\n<p class=\"wp-block-paragraph\">GERENTE DE SISTEMAS (1993 &#8211; 1994) <\/p>\n\n\n\n<ul class=\"wp-block-list\">\n<li>M y C Soporte Inform\u00e1tico.<\/li>\n<\/ul>\n\n\n\n<p class=\"wp-block-paragraph\">ASESOR DE SISTEMAS (1991 &#8211; 1992) <\/p>\n\n\n\n<ul class=\"wp-block-list\">\n<li>Asesor\u00eda y Desarrollo de Sistemas.<\/li>\n\n\n\n<li>Aja Rodr\u00edguez y Lozano (ARYL)<\/li>\n\n\n\n<li>Televisora de Hermosillo<\/li>\n\n\n\n<li>Sonora Motor<\/li>\n\n\n\n<li>Asesor\u00eda y Entrenamiento Profesional (AEP)<\/li>\n<\/ul>\n\n\n\n<p class=\"wp-block-paragraph\">PR\u00c1CTICAS PROFESIONALES (1992)<\/p>\n\n\n\n<ul class=\"wp-block-list\">\n<li>Whitney Blake M\u00e9xico<\/li>\n<\/ul>\n\n\n\n<hr class=\"wp-block-separator has-css-opacity\"\/>\n\n\n\n<h2 class=\"wp-block-heading\">Experiencia Acad\u00e9mica y Gesti\u00f3n<\/h2>\n\n\n\n<p class=\"wp-block-paragraph\">DEPARTAMENTO DE INGENIER\u00cdA INDUSTRIAL, UNIVERSIDAD DE SONORA.<\/p>\n\n\n\n<ul class=\"wp-block-list\">\n<li>Maestro de Tiempo Completo (1994 &#8211; 2025)<\/li>\n\n\n\n<li>Miembro de la Comisi\u00f3n Acad\u00e9mica del Posgrado en Ingenier\u00eda Industrial (2010 &#8211; 2025)<\/li>\n\n\n\n<li>Miembro del Cuerpo Acad\u00e9mico Tecnolog\u00edas de la Informaci\u00f3n. Cuerpo Acad\u00e9mico reconocido por PRODEP (2002 &#8211; 2025)<\/li>\n\n\n\n<li>L\u00edder del Cuerpo Acad\u00e9mico Tecnolog\u00edas de la Informaci\u00f3n. Cuerpo Acad\u00e9mico Consolidado reconocido por PRODEP (2002 &#8211; 2024)<\/li>\n\n\n\n<li>Miembro de la Comisi\u00f3n de Reestructuraci\u00f3n del Plan de Estudios del Programa de Ingenier\u00eda en Sistemas de Informaci\u00f3n (2023 &#8211; 2025)<\/li>\n\n\n\n<li>Coordinador de la Maestr\u00eda en Ingenier\u00eda en Sistemas y Tecnolog\u00eda. Programa Nivel Consolidado dentro del padr\u00f3n PNPC del CONAHCYT (2011 &#8211; 2023)<\/li>\n\n\n\n<li>Miembro de la Comisi\u00f3n para la Revisi\u00f3n y Actualizaci\u00f3n del Reglamento de Estudios de Posgrado de la Universidad de Sonora (2022)<\/li>\n\n\n\n<li>Presidente de la Academia de Tecnolog\u00edas de la Informaci\u00f3n (2009 &#8211; 2015)<\/li>\n\n\n\n<li>Coordinador de Seguimiento, Evaluaci\u00f3n y Proyectos Especiales de la carrera de Ingenier\u00eda Industrial y de Sistemas (2002 &#8211; 2004)<\/li>\n\n\n\n<li>Coordinador de Programa de Ingenier\u00eda Industrial y de Sistemas (2000 &#8211; 2001)<\/li>\n\n\n\n<li>Secretario de la Academia de Tecnolog\u00edas de Informaci\u00f3n del Departamento de Ingenier\u00eda Industrial (2004)<\/li>\n\n\n\n<li>Maestro de Asignatura (1993 &#8211; 1994)<\/li>\n\n\n\n<li>Coordinador de Internet (1995)<\/li>\n<\/ul>\n\n\n\n<hr class=\"wp-block-separator has-css-opacity\"\/>\n\n\n\n<p class=\"wp-block-paragraph\">DEPARTAMENTO DE INGENIER\u00cdA, ITESM CAMPUS SONORA NORTE.<\/p>\n\n\n\n<ul class=\"wp-block-list\">\n<li>Profesor de C\u00e1tedra (1998)<\/li>\n<\/ul>\n\n\n\n<hr class=\"wp-block-separator has-css-opacity\"\/>\n\n\n\n<h2 class=\"wp-block-heading\">Proyectos Realizados<\/h2>\n\n\n\n<h4 class=\"wp-block-heading\">CONSEJO NACIONAL DE CIENCIA Y TECNOLOG\u00cdA (CONACYT)<\/h4>\n\n\n\n<ul class=\"wp-block-list\">\n<li>La innovaci\u00f3n como resultado de la capacidad de Absorci\u00f3n del Conocimiento mediante el an\u00e1lisis de la Vinculaci\u00f3n Universidad-Empresa: Evidencia emp\u00edrica del sector empresarial &#8211; Estancia Posdoctoral (2016 &#8211; 2018)<\/li>\n\n\n\n<li>Asistente Visual. Localizaci\u00f3n y Reconocimiento de Texto y S\u00edmbolos en Paisajes Urbanos Contenidos en Imagen y Video &#8211; Repatriaci\u00f3n (2013 &#8211; 2014)<\/li>\n\n\n\n<li>Metodolog\u00eda para la Adquisici\u00f3n de Conocimiento en un Ambiente Universitario &#8211; Repatriaci\u00f3n (2011 &#8211; 2012)<\/li>\n<\/ul>\n\n\n\n<h4 class=\"wp-block-heading\">FACULTAD INTERDISCIPLINARIA de Ingenier\u00eda, Universidad de Sonora<\/h4>\n\n\n\n<ul class=\"wp-block-list\">\n<li>Desarrollo de una Metodolog\u00eda para la mejora de la gesti\u00f3n de proyectos de Innovaci\u00f3n con un enfoque de gesti\u00f3n del conocimiento (2023 &#8211; )<\/li>\n\n\n\n<li>Desarrollo de una estrategia para el monitoreo de obras de instalaciones el\u00e9ctricas con un enfoque de gesti\u00f3n del conocimiento (2022 &#8211; 2023)<\/li>\n\n\n\n<li>Desarrollo de una metodolog\u00eda para conservar y aprovechar el conocimiento en una empresa productora y distribuidora de bebidas naturales (2021 &#8211; 2022)<\/li>\n\n\n\n<li>Desarrollo de una metodolog\u00eda para gestionar el conocimiento en una empresa constructora mediante el dise\u00f1o de una arquitectura de procesos (2020 &#8211; 2021)<\/li>\n\n\n\n<li>Desarrollo de una Metodolog\u00eda para Gestionar el Conocimiento en la Organizaci\u00f3n de Eventos Acad\u00e9micos en Instituci\u00f3n de Educaci\u00f3n B\u00e1sica (2018 &#8211; 2019)<\/li>\n\n\n\n<li>Desarrollo de una Estrategia de Gesti\u00f3n del Conocimiento en Seguridad y Salud para una Instituci\u00f3n de Educaci\u00f3n Preescolar (2018 &#8211; 2019)<\/li>\n\n\n\n<li>Desarrollo de una Metodolog\u00eda para Documentar Procesos de Ventas contemplando Est\u00e1ndares de Calidad y la Gesti\u00f3n del Conocimiento (2017 &#8211; 2018)<\/li>\n\n\n\n<li>Desarrollo de una Metodolog\u00eda para la Integraci\u00f3n y Seguimiento del Conocimiento Generado en Empresa de Desarrollo de Software (2017 &#8211; 2018)<\/li>\n\n\n\n<li>Diagn\u00f3stico sobre la Capacidad de Absorci\u00f3n del Conocimiento de la Vinculaci\u00f3n Universidad-Empresa: Caso Maestr\u00eda en Ingenier\u00eda en Sistemas y Tecnolog\u00eda (2016 &#8211; 2017)<\/li>\n\n\n\n<li>Desarrollo de una Metodolog\u00eda para Identificar y Documentar Conocimiento de Procesos en una Empresa Consultora (2016 &#8211; 2017)<\/li>\n\n\n\n<li>Desarrollo de una Estrategia de Gesti\u00f3n del Conocimiento para la Definici\u00f3n y Seguimiento a Objetivos y Resultados Clave en una Empresa de Software (2015 &#8211; 2016)<\/li>\n\n\n\n<li>Dise\u00f1o de una Metodolog\u00eda para el Desarrollo de Narrativas Digitales como apoyo a Procesos de Consultor\u00eda&nbsp;(2013 &#8211; 2014)<\/li>\n\n\n\n<li>Desarrollo e Implementaci\u00f3n de una Estrategia de Gesti\u00f3n del Conocimiento como apoyo a los Procesos de Comercializaci\u00f3n&nbsp;(2013 &#8211; 2014)<\/li>\n\n\n\n<li>Dise\u00f1o de una Memoria Organizacional para Aprovechar el Conocimiento Grupal en Proyectos de Ingenier\u00eda (2012 &#8211; 2013)<\/li>\n\n\n\n<li>Dise\u00f1o de un Modelo de Memoria Organizacional para Aprovechar el Conocimiento Generado en los Procesos de Consultor\u00eda (2012 &#8211; 2013)<\/li>\n\n\n\n<li>Dise\u00f1o de un Modelo de Memoria Organizacional Organizacional Basado en Tecnolog\u00edas de Informaci\u00f3n (2011 &#8211; 2012)<\/li>\n\n\n\n<li>Desarrollo de Metodolog\u00edas y Herramientas para la Auditor\u00eda del Conocimiento y la Memoria Organizacional utilizando Tecnolog\u00edas Basadas en Conocimientos (2008 &#8211; 2010)<\/li>\n\n\n\n<li>Dise\u00f1o de un Modelo y Metodolog\u00eda para la Auditor\u00eda del Conocimiento Organizacional (2006 &#8211; 2007)<\/li>\n\n\n\n<li>Dise\u00f1o de un Modelo Ontol\u00f3gico como Apoyo a la Asignaci\u00f3n de Recursos. Caso de estudio: Programaci\u00f3n de Cursos Escolares (2005 &#8211; 2006)<\/li>\n\n\n\n<li>Diagn\u00f3stico del uso de la Inform\u00e1tica en las materias de la carrera de Ingenier\u00eda Industrial y de Sistemas (1998)<\/li>\n\n\n\n<li>Documentaci\u00f3n en Internet de las materias de la carrera de Ingenier\u00eda Industrial y de Sistemas (1998)<\/li>\n\n\n\n<li>Elaboraci\u00f3n de un sistema computacional de control acad\u00e9mico (1992)<\/li>\n<\/ul>\n\n\n\n<hr class=\"wp-block-separator has-css-opacity\"\/>\n\n\n\n<h2 class=\"wp-block-heading\">Reconocimientos, publicaciones y Participaciones<\/h2>\n\n\n\n<h4 class=\"wp-block-heading\">Reconocimientos<\/h4>\n\n\n\n<p class=\"wp-block-paragraph\">Investigador Nacional del CONAHCYT del Sistema Nacional de Investigadores SNI (2009 &#8211; a la fecha)<\/p>\n\n\n\n<p class=\"wp-block-paragraph\">Profesor Perfil PRODEP otorgado por la DSA-SEP (Ago 2009 &#8211; a la fecha)<\/p>\n\n\n\n<p class=\"wp-block-paragraph\">Titulado del Doctorado con Evaluaci\u00f3n Sobresaliente Cum Laude por Unanimidad.<\/p>\n\n\n\n<p class=\"wp-block-paragraph\">Premio Anual de Investigador Distinguido de la Universidad de Sonora, periodo 2006-2007.<\/p>\n\n\n\n<p class=\"wp-block-paragraph\">Becado por PROMEP (PROgrama de MEjoramiento al Profesorado) para realizar estudios de doctorado (2004 &#8211; 2007)<\/p>\n\n\n\n<p class=\"wp-block-paragraph\">Profesor Perfil PROMEP otorgado por la SESIC (Ago 2001 &#8211; Jul 2004)<\/p>\n\n\n\n<p class=\"wp-block-paragraph\">Becado por CONACYT (Consejo Nacional de Ciencia y Tecnolog\u00eda) para realizar estudios de maestr\u00eda (1995 &#8211; 1997).<\/p>\n\n\n\n<p class=\"wp-block-paragraph\">6 Distinciones recibidas por m\u00e9rito acad\u00e9mico.<\/p>\n\n\n\n<h4 class=\"wp-block-heading\">Publications<\/h4>\n\n\n\n<p class=\"wp-block-paragraph\">2 libros y 7 libros compilados publicados por editoriales europeas y mexicanas.<\/p>\n\n\n\n<p class=\"wp-block-paragraph\">30 <a href=\"http:\/\/aperez.mx\/en\/publicaciones\/\">Cap\u00edtulos de libro<\/a> en publicaciones de Inglaterra, India, Brasil y M\u00e9xico.<\/p>\n\n\n\n<p class=\"wp-block-paragraph\">71 <a href=\"http:\/\/aperez.mx\/en\/publicaciones\/\">Art\u00edculos publicados<\/a> en revistas internacionales de diversos pa\u00edses como Inglaterra, Estados Unidos, Australia, India, Malasia, Espa\u00f1a, Brasil, Chile, Cuba y M\u00e9xico.<\/p>\n\n\n\n<p class=\"wp-block-paragraph\">55 <a href=\"http:\/\/aperez.mx\/en\/publicaciones\/\">Art\u00edculos publicados<\/a> en memorias en extenso de congresos y conferencias de ingenier\u00eda industrial y computaci\u00f3n en Estados Unidos, Espa\u00f1a, Portugal, Brasil, Per\u00fa, Costa Rica, Cuba y M\u00e9xico.<\/p>\n\n\n\n<p class=\"wp-block-paragraph\">1020 <a href=\"https:\/\/scholar.google.com.mx\/citations?user=eEd2578AAAAJ\" target=\"_blank\" rel=\"noreferrer noopener\">citas recibidas<\/a> a varias de mis publicaciones por autores de diversos pa\u00edses como Estados Unidos, Inglaterra, Alemania, Holanda, Espa\u00f1a, Rumania, Bulgaria, Hungr\u00eda, Rusia, Croacia, China, Sri Lanka, Singapur, Malasia, Australia, Israel, Jordania, Iran, Nigeria, Sud\u00e1frica, Botswana, Brasil, Venezuela, Ecuador, Cuba y M\u00e9xico.<\/p>\n\n\n\n<h4 class=\"wp-block-heading\">Participaciones<\/h4>\n\n\n\n<p class=\"wp-block-paragraph\">8 Participaciones en <a href=\"http:\/\/aperez.mx\/en\/miembro-comite-editorial\/\">comit\u00e9 editorial de revistas<\/a> Internacionales.<\/p>\n\n\n\n<p class=\"wp-block-paragraph\">26 Participaciones como <a href=\"http:\/\/aperez.mx\/en\/miembro-comite-editorial\/\">revisor de art\u00edculos en revistas<\/a> arbitradas Internacionales.<\/p>\n\n\n\n<p class=\"wp-block-paragraph\">35 Participaciones como <a href=\"http:\/\/aperez.mx\/en\/miembro-comite-editorial\/\">revisor de art\u00edculos en Congresos<\/a> Internacionales.<\/p>\n\n\n\n<p class=\"wp-block-paragraph\">14 <a href=\"http:\/\/aperez.mx\/en\/conferencias\/\">Conferencias impartidas<\/a> a nivel nacional e internacional.<\/p>\n\n\n\n<p class=\"wp-block-paragraph\">10 Participaciones como expositor en programas de radio sobre temas de Computaci\u00f3n e Ingenier\u00eda Industrial.<\/p>\n\n\n\n<p class=\"wp-block-paragraph\">15 Cursos impartidos sobre lenguajes de programaci\u00f3n y paquetes computacionales.<\/p>\n\n\n\n<p class=\"wp-block-paragraph\">30 Cursos recibidos sobre lenguajes de programaci\u00f3n y paquetes computacionales.<\/p>\n\n\n\n<hr class=\"wp-block-separator has-css-opacity\"\/>\n\n\n\n<h2 class=\"wp-block-heading\">Evaluador de proyectos<\/h2>\n\n\n\n<p class=\"wp-block-paragraph\">Evaluador SECIHTI del Sistema Nacional de Posgrados (SNP) (2025)<\/p>\n\n\n\n<p class=\"wp-block-paragraph\">Evaluador SECIHTI de Proyectos de Ciencia B\u00e1sica y de Frontera (2025)<\/p>\n\n\n\n<p class=\"wp-block-paragraph\">Evaluador CONAHCYT de Estancias Posdoctorales (2023)<\/p>\n\n\n\n<p class=\"wp-block-paragraph\">Evaluador CONACYT del Programa Nacional de Posgrados de Calidad (PNPC) (2014, 2018, 2019, 2021)<\/p>\n\n\n\n<p class=\"wp-block-paragraph\">Evaluador CONACYT del Fondo Sectorial de Innovaci\u00f3n (FINNOVA) (2012 &#8211; 2014)<\/p>\n\n\n\n<p class=\"wp-block-paragraph\">Evaluador PRODEP para el Reconocimiento de Profesores de Tiempo Completo con Perfil Deseable (2014 &#8211; 2023)<\/p>\n\n\n\n<p class=\"wp-block-paragraph\">Evaluador PRODEP del Registro y Grado de Consolidaci\u00f3n de Cuerpos Acad\u00e9micos (2018, 2024)<\/p>\n\n\n\n<p class=\"wp-block-paragraph\">Evaluador PRODEP para el Apoyo al Fortalecimiento de Cuerpos Acad\u00e9micos (2018)<\/p>\n\n\n\n<p class=\"wp-block-paragraph\">Evaluador del CONCYTEC del Fondo Nacional de Desarrollo Cient\u00edfico y Tecnol\u00f3gico y de Innovaci\u00f3n Tecnol\u00f3gica del Per\u00fa (FONDECYT) (2016)<\/p>\n\n\n\n<p class=\"wp-block-paragraph\">Evaluador de Proyectos de Investigaci\u00f3n Aplicada de la Universidad Estatatal de Sonora (2018)<\/p>\n\n\n\n<hr class=\"wp-block-separator has-css-opacity\"\/>\n\n\n\n<h2 class=\"wp-block-heading\">Integrante de organismos acad\u00e9micos o profesionales<\/h2>\n\n\n\n<p class=\"wp-block-paragraph\">Miembro del Registro CONACYT\/SECIHTI de Evaluadores Acreditados (RCEA) (Octubre 2009 &#8211; a la fecha)<\/p>\n\n\n\n<p class=\"wp-block-paragraph\">Member of The International Institute of Informatics and Systemics (IIIS) (Julio 2009 &#8211; a la fecha)<\/p>\n\n\n\n<p class=\"wp-block-paragraph\">Miembro fundador de la Red Internacional de Investigadores en Ingenier\u00eda Industrial (RedI4) (Junio 2012 &#8211; a la fecha)<\/p>\n\n\n\n<p class=\"wp-block-paragraph\">Miembro de la Red de Investigaci\u00f3n Latinoamericana en&nbsp;Competitividad Organizacional (RILCO) (Octubre 2014 &#8211; a la fecha)<\/p>\n\n\n\n<p class=\"wp-block-paragraph\">Senior Member of International Engineering and Technology Institute (IETI) (Octubre 2015 &#8211; a la fecha)<\/p>\n\n\n\n<p class=\"wp-block-paragraph\">Member of the International Association of Engineers (IAENG) (Abril 2019 &#8211; a la fecha)<\/p>\n\n\n\n<p class=\"wp-block-paragraph\">Member of the IAENG Society of Information System Engineering (Mayo 2019 &#8211; a la fecha)<\/p>\n\n\n\n<p class=\"wp-block-paragraph\">Member of the IAENG Society of Industrial Engineering (Mayo 2019 &#8211; a la fecha)<\/p>","protected":false},"excerpt":{"rendered":"<p>Datos Personales Nombre: Alonso P\u00e9rez Soltero Estudios Doctorado en Tecnolog\u00edas de la Informaci\u00f3n y las Comunicaciones (2004 &#8211; 2007), Titulado [&hellip;]<\/p>\n","protected":false},"author":1,"featured_media":0,"parent":0,"menu_order":0,"comment_status":"closed","ping_status":"closed","template":"","meta":{"site-sidebar-layout":"default","site-content-layout":"","ast-site-content-layout":"default","site-content-style":"default","site-sidebar-style":"default","ast-global-header-display":"","ast-banner-title-visibility":"","ast-main-header-display":"","ast-hfb-above-header-display":"","ast-hfb-below-header-display":"","ast-hfb-mobile-header-display":"","site-post-title":"","ast-breadcrumbs-content":"","ast-featured-img":"","footer-sml-layout":"","ast-disable-related-posts":"","theme-transparent-header-meta":"","adv-header-id-meta":"","stick-header-meta":"","header-above-stick-meta":"","header-main-stick-meta":"","header-below-stick-meta":"","astra-migrate-meta-layouts":"default","ast-page-background-enabled":"default","ast-page-background-meta":{"desktop":{"background-color":"var(--ast-global-color-5)","background-image":"","background-repeat":"repeat","background-position":"center center","background-size":"auto","background-attachment":"scroll","background-type":"","background-media":"","overlay-type":"","overlay-color":"","overlay-opacity":"","overlay-gradient":""},"tablet":{"background-color":"","background-image":"","background-repeat":"repeat","background-position":"center center","background-size":"auto","background-attachment":"scroll","background-type":"","background-media":"","overlay-type":"","overlay-color":"","overlay-opacity":"","overlay-gradient":""},"mobile":{"background-color":"","background-image":"","background-repeat":"repeat","background-position":"center center","background-size":"auto","background-attachment":"scroll","background-type":"","background-media":"","overlay-type":"","overlay-color":"","overlay-opacity":"","overlay-gradient":""}},"ast-content-background-meta":{"desktop":{"background-color":"var(--ast-global-color-4)","background-image":"","background-repeat":"repeat","background-position":"center center","background-size":"auto","background-attachment":"scroll","background-type":"","background-media":"","overlay-type":"","overlay-color":"","overlay-opacity":"","overlay-gradient":""},"tablet":{"background-color":"var(--ast-global-color-4)","background-image":"","background-repeat":"repeat","background-position":"center center","background-size":"auto","background-attachment":"scroll","background-type":"","background-media":"","overlay-type":"","overlay-color":"","overlay-opacity":"","overlay-gradient":""},"mobile":{"background-color":"var(--ast-global-color-4)","background-image":"","background-repeat":"repeat","background-position":"center center","background-size":"auto","background-attachment":"scroll","background-type":"","background-media":"","overlay-type":"","overlay-color":"","overlay-opacity":"","overlay-gradient":""}},"footnotes":""},"class_list":["post-20","page","type-page","status-publish","hentry"],"yoast_head":"<!-- This site is optimized with the Yoast SEO plugin v28.3 - https:\/\/yoast.com\/product\/yoast-seo-wordpress\/ -->\n<title>Curr\u00edculum Vitae - Sitio Web de Alonso Perez-Soltero<\/title>\n<meta name=\"description\" content=\"Curr\u00edculum Vitae de Alonso Perez-Soltero que incluye estudios, experiencia profesional y acad\u00e9mica, proyectos realizados, reconocimientos y participaciones.\" \/>\n<meta name=\"robots\" content=\"index, follow, max-snippet:-1, max-image-preview:large, max-video-preview:-1\" \/>\n<link rel=\"canonical\" href=\"https:\/\/aperez.mx\/en\/curriculum-vitae\/\" \/>\n<meta property=\"og:locale\" content=\"en_US\" \/>\n<meta property=\"og:type\" content=\"article\" \/>\n<meta property=\"og:title\" content=\"Curr\u00edculum Vitae - Sitio Web de Alonso Perez-Soltero\" \/>\n<meta property=\"og:description\" content=\"Curr\u00edculum Vitae de Alonso Perez-Soltero que incluye estudios, experiencia profesional y acad\u00e9mica, proyectos realizados, reconocimientos y participaciones.\" \/>\n<meta property=\"og:url\" content=\"https:\/\/aperez.mx\/en\/curriculum-vitae\/\" \/>\n<meta property=\"og:site_name\" content=\"Sitio Web de Alonso Perez-Soltero\" \/>\n<meta property=\"article:modified_time\" content=\"2025-12-28T02:30:48+00:00\" \/>\n<meta name=\"twitter:card\" content=\"summary_large_image\" \/>\n<meta name=\"twitter:label1\" content=\"Est. reading time\" \/>\n\t<meta name=\"twitter:data1\" content=\"7 minutes\" \/>\n<script type=\"application\/ld+json\" class=\"yoast-schema-graph\">{\"@context\":\"https:\\\/\\\/schema.org\",\"@graph\":[{\"@type\":\"WebPage\",\"@id\":\"https:\\\/\\\/aperez.mx\\\/curriculum-vitae\\\/\",\"url\":\"https:\\\/\\\/aperez.mx\\\/curriculum-vitae\\\/\",\"name\":\"Curr\u00edculum Vitae - Sitio Web de Alonso Perez-Soltero\",\"isPartOf\":{\"@id\":\"https:\\\/\\\/aperez.mx\\\/#website\"},\"datePublished\":\"2019-04-18T19:03:59+00:00\",\"dateModified\":\"2025-12-28T02:30:48+00:00\",\"description\":\"Curr\u00edculum Vitae de Alonso Perez-Soltero que incluye estudios, experiencia profesional y acad\u00e9mica, proyectos realizados, reconocimientos y participaciones.\",\"breadcrumb\":{\"@id\":\"https:\\\/\\\/aperez.mx\\\/curriculum-vitae\\\/#breadcrumb\"},\"inLanguage\":\"en-US\",\"potentialAction\":[{\"@type\":\"ReadAction\",\"target\":[\"https:\\\/\\\/aperez.mx\\\/curriculum-vitae\\\/\"]}]},{\"@type\":\"BreadcrumbList\",\"@id\":\"https:\\\/\\\/aperez.mx\\\/curriculum-vitae\\\/#breadcrumb\",\"itemListElement\":[{\"@type\":\"ListItem\",\"position\":1,\"name\":\"Inicio\",\"item\":\"https:\\\/\\\/aperez.mx\\\/\"},{\"@type\":\"ListItem\",\"position\":2,\"name\":\"Curr\u00edculum Vitae\"}]},{\"@type\":\"WebSite\",\"@id\":\"https:\\\/\\\/aperez.mx\\\/#website\",\"url\":\"https:\\\/\\\/aperez.mx\\\/\",\"name\":\"Sitio Web de Alonso Perez-Soltero\",\"description\":\"Bienvenido a mi sitio personal\",\"publisher\":{\"@id\":\"https:\\\/\\\/aperez.mx\\\/#\\\/schema\\\/person\\\/0fc5a95e495da6092966bdc1ad5ed4b6\"},\"potentialAction\":[{\"@type\":\"SearchAction\",\"target\":{\"@type\":\"EntryPoint\",\"urlTemplate\":\"https:\\\/\\\/aperez.mx\\\/?s={search_term_string}\"},\"query-input\":{\"@type\":\"PropertyValueSpecification\",\"valueRequired\":true,\"valueName\":\"search_term_string\"}}],\"inLanguage\":\"en-US\"},{\"@type\":[\"Person\",\"Organization\"],\"@id\":\"https:\\\/\\\/aperez.mx\\\/#\\\/schema\\\/person\\\/0fc5a95e495da6092966bdc1ad5ed4b6\",\"name\":\"Alonso Perez-Soltero\",\"image\":{\"@type\":\"ImageObject\",\"inLanguage\":\"en-US\",\"@id\":\"https:\\\/\\\/secure.gravatar.com\\\/avatar\\\/ba92429f397feb30ded9f20aeb7d54016bbc1e33295707551c340f9681137f85?s=96&d=mm&r=g\",\"url\":\"https:\\\/\\\/secure.gravatar.com\\\/avatar\\\/ba92429f397feb30ded9f20aeb7d54016bbc1e33295707551c340f9681137f85?s=96&d=mm&r=g\",\"contentUrl\":\"https:\\\/\\\/secure.gravatar.com\\\/avatar\\\/ba92429f397feb30ded9f20aeb7d54016bbc1e33295707551c340f9681137f85?s=96&d=mm&r=g\",\"caption\":\"Alonso Perez-Soltero\"},\"logo\":{\"@id\":\"https:\\\/\\\/secure.gravatar.com\\\/avatar\\\/ba92429f397feb30ded9f20aeb7d54016bbc1e33295707551c340f9681137f85?s=96&d=mm&r=g\"}}]}<\/script>\n<!-- \/ Yoast SEO plugin. -->","yoast_head_json":{"title":"Curr\u00edculum Vitae - Sitio Web de Alonso Perez-Soltero","description":"Curr\u00edculum Vitae de Alonso Perez-Soltero que incluye estudios, experiencia profesional y acad\u00e9mica, proyectos realizados, reconocimientos y participaciones.","robots":{"index":"index","follow":"follow","max-snippet":"max-snippet:-1","max-image-preview":"max-image-preview:large","max-video-preview":"max-video-preview:-1"},"canonical":"https:\/\/aperez.mx\/en\/curriculum-vitae\/","og_locale":"en_US","og_type":"article","og_title":"Curr\u00edculum Vitae - Sitio Web de Alonso Perez-Soltero","og_description":"Curr\u00edculum Vitae de Alonso Perez-Soltero que incluye estudios, experiencia profesional y acad\u00e9mica, proyectos realizados, reconocimientos y participaciones.","og_url":"https:\/\/aperez.mx\/en\/curriculum-vitae\/","og_site_name":"Sitio Web de Alonso Perez-Soltero","article_modified_time":"2025-12-28T02:30:48+00:00","twitter_card":"summary_large_image","twitter_misc":{"Est. reading time":"7 minutes"},"schema":{"@context":"https:\/\/schema.org","@graph":[{"@type":"WebPage","@id":"https:\/\/aperez.mx\/curriculum-vitae\/","url":"https:\/\/aperez.mx\/curriculum-vitae\/","name":"Curr\u00edculum Vitae - Sitio Web de Alonso Perez-Soltero","isPartOf":{"@id":"https:\/\/aperez.mx\/#website"},"datePublished":"2019-04-18T19:03:59+00:00","dateModified":"2025-12-28T02:30:48+00:00","description":"Curr\u00edculum Vitae de Alonso Perez-Soltero que incluye estudios, experiencia profesional y acad\u00e9mica, proyectos realizados, reconocimientos y participaciones.","breadcrumb":{"@id":"https:\/\/aperez.mx\/curriculum-vitae\/#breadcrumb"},"inLanguage":"en-US","potentialAction":[{"@type":"ReadAction","target":["https:\/\/aperez.mx\/curriculum-vitae\/"]}]},{"@type":"BreadcrumbList","@id":"https:\/\/aperez.mx\/curriculum-vitae\/#breadcrumb","itemListElement":[{"@type":"ListItem","position":1,"name":"Inicio","item":"https:\/\/aperez.mx\/"},{"@type":"ListItem","position":2,"name":"Curr\u00edculum Vitae"}]},{"@type":"WebSite","@id":"https:\/\/aperez.mx\/#website","url":"https:\/\/aperez.mx\/","name":"Alonso Perez-Soltero's Website","description":"Bienvenido a mi sitio personal","publisher":{"@id":"https:\/\/aperez.mx\/#\/schema\/person\/0fc5a95e495da6092966bdc1ad5ed4b6"},"potentialAction":[{"@type":"SearchAction","target":{"@type":"EntryPoint","urlTemplate":"https:\/\/aperez.mx\/?s={search_term_string}"},"query-input":{"@type":"PropertyValueSpecification","valueRequired":true,"valueName":"search_term_string"}}],"inLanguage":"en-US"},{"@type":["Person","Organization"],"@id":"https:\/\/aperez.mx\/#\/schema\/person\/0fc5a95e495da6092966bdc1ad5ed4b6","name":"Alonso Perez-Soltero","image":{"@type":"ImageObject","inLanguage":"en-US","@id":"https:\/\/secure.gravatar.com\/avatar\/ba92429f397feb30ded9f20aeb7d54016bbc1e33295707551c340f9681137f85?s=96&d=mm&r=g","url":"https:\/\/secure.gravatar.com\/avatar\/ba92429f397feb30ded9f20aeb7d54016bbc1e33295707551c340f9681137f85?s=96&d=mm&r=g","contentUrl":"https:\/\/secure.gravatar.com\/avatar\/ba92429f397feb30ded9f20aeb7d54016bbc1e33295707551c340f9681137f85?s=96&d=mm&r=g","caption":"Alonso Perez-Soltero"},"logo":{"@id":"https:\/\/secure.gravatar.com\/avatar\/ba92429f397feb30ded9f20aeb7d54016bbc1e33295707551c340f9681137f85?s=96&d=mm&r=g"}}]}},"jetpack_sharing_enabled":true,"_links":{"self":[{"href":"https:\/\/aperez.mx\/en\/wp-json\/wp\/v2\/pages\/20","targetHints":{"allow":["GET"]}}],"collection":[{"href":"https:\/\/aperez.mx\/en\/wp-json\/wp\/v2\/pages"}],"about":[{"href":"https:\/\/aperez.mx\/en\/wp-json\/wp\/v2\/types\/page"}],"author":[{"embeddable":true,"href":"https:\/\/aperez.mx\/en\/wp-json\/wp\/v2\/users\/1"}],"replies":[{"embeddable":true,"href":"https:\/\/aperez.mx\/en\/wp-json\/wp\/v2\/comments?post=20"}],"version-history":[{"count":42,"href":"https:\/\/aperez.mx\/en\/wp-json\/wp\/v2\/pages\/20\/revisions"}],"predecessor-version":[{"id":554,"href":"https:\/\/aperez.mx\/en\/wp-json\/wp\/v2\/pages\/20\/revisions\/554"}],"wp:attachment":[{"href":"https:\/\/aperez.mx\/en\/wp-json\/wp\/v2\/media?parent=20"}],"curies":[{"name":"wp","href":"https:\/\/api.w.org\/{rel}","templated":true}]}}